{"id":762,"date":"2024-10-21T15:23:52","date_gmt":"2024-10-21T13:23:52","guid":{"rendered":"https:\/\/dona.ofmfraternitas.org\/ita\/?page_id=762"},"modified":"2025-11-05T14:51:22","modified_gmt":"2025-11-05T13:51:22","slug":"privacy-policy","status":"publish","type":"page","link":"https:\/\/dona.ofmfraternitas.org\/ita\/privacy-policy\/","title":{"rendered":"PRIVACY POLICY"},"content":{"rendered":"\n<div class=\"wp-block-group alignfull has-global-padding is-layout-constrained wp-container-core-group-is-layout-db9a5132 wp-block-group-is-layout-constrained\" style=\"padding-top:var(--wp--preset--spacing--50);padding-right:var(--wp--preset--spacing--50);padding-bottom:var(--wp--preset--spacing--50);padding-left:var(--wp--preset--spacing--50)\">\n<div class=\"wp-block-group has-global-padding is-layout-constrained wp-container-core-group-is-layout-2bf980eb wp-block-group-is-layout-constrained\">\n<h2 class=\"wp-block-heading has-text-align-center\"><strong>Informativa per il trattamento dei dati personali<\/strong><\/h2>\n\n\n\n<div style=\"height:0px\" aria-hidden=\"true\" class=\"wp-block-spacer\"><\/div>\n<\/div>\n\n\n\n<p class=\"has-base-background-color has-background has-small-font-size wp-block-paragraph\" style=\"margin-right:60%;padding-top:5px;padding-bottom:5px\"><a href=\"javascript:window.history.back();\"><strong>&lt;<\/strong> Indietro<\/a><\/p>\n\n\n\n<details class=\"wp-block-details is-style-default has-contrast-color has-text-color has-link-color wp-elements-1 is-layout-flow wp-block-details-is-layout-flow\"><summary>Titolare del trattamento<\/summary>\n<p class=\"has-medium-font-size wp-block-paragraph\">Il Titolare del trattamento \u00e8 Fondazione OFM Fraternitas con sede in Via di Santa Maria Mediatrice, 25 \u2013 00165 Roma. La Fondazione ha nominato un Responsabile della Protezione dei Dati (Societ\u00e0 FGM Management Consulting S.r.l. identificando come referente il dott. Carlo Nardone), che supporta il Titolare del trattamento dei dati personali in merito all\u2019applicazione della normativa nazionale ed europea in materia di protezione dei dati, cooperando con l\u2019Autorit\u00e0 di controllo e fungendo da punto di contatto con gli interessati. Il Responsabile della Protezione dei Dati \u00e8 raggiungibile al seguente recapito:&nbsp;<a href=\"mailto:dpo@ofmfraternitas.org\"><strong>dpo@ofmfraternitas.org<\/strong><\/a>.<\/p>\n<\/details>\n\n\n\n<details class=\"wp-block-details is-layout-flow wp-block-details-is-layout-flow\"><summary>Tipologia di dati e Modalit\u00e0 di trattamento<\/summary>\n<p class=\"has-medium-font-size wp-block-paragraph\">Il Titolare utilizza i dati di identificazione personale, i dati di contatto, e i dati relativi a convinzioni religiose. Il trattamento dei Suoi dati personali \u00e8 realizzato nel rispetto del quadro normativo, italiano ed europeo, a tutela dei dati personali. I suoi dati sono trattati sia in formato cartaceo che elettronico. La fondazione non pone in essere alcun processo decisionale automatizzato.<\/p>\n<\/details>\n\n\n\n<details class=\"wp-block-details is-layout-flow wp-block-details-is-layout-flow\"><summary>Finalit\u00e0 del trattamento e base giuridica<\/summary>\n<p class=\"has-medium-font-size wp-block-paragraph\">I Suoi dati personali (in seguito detti complessivamente anche \u201cdati personali\u201d o \u201cdati\u201d) sono trattati per le seguenti finalit\u00e0:<\/p>\n\n\n\n<ol class=\"wp-block-list\">\n<li class=\"has-medium-font-size\">Gestire il suo sostegno economico a Fondazione OFM Fraternitas (mediante, inter alia, donazioni regolari e\/o una tantum, eseguite in varie modalit\u00e0 e.g., carta di credito, domiciliazione bancaria, bollettino postale, PayPal o altro) e gli eventuali servizi e benefici relativi a tale sostegno.<\/li>\n\n\n\n<li class=\"has-medium-font-size\">Inviarle materiale informativo e promozionale sull\u2019attivit\u00e0 di Fondazione OFM Fraternitas tramite corrispondenza ordinaria, messaggi e-mail, sms, mms, WhatsApp, Facebook o comunicazioni telefoniche (anche finalizzate a proposte di iscrizione alla newsletter di Fondazione OFM Fraternitas, alla richiesta di erogazioni liberali, alla richiesta di partecipazione a campagne istituzionali, inviti a partecipare a eventi organizzati da Fondazione OFM Fraternitas e analoghe comunicazioni).<\/li>\n\n\n\n<li class=\"has-medium-font-size\">Gestire le attivit\u00e0 \u2013 di natura amministrativo-contabile o altro \u2013 necessarie per eseguire il contratto di cui Lei \u00e8 parte (nello specifico, eventuali donazioni in qualsiasi forma effettuate).<\/li>\n<\/ol>\n\n\n\n<p class=\"has-medium-font-size wp-block-paragraph\">La base giuridica del trattamento dei Suoi dati personali per le finalit\u00e0 di cui ai punti a.e b.&nbsp; che precedono \u00e8 il legittimo interesse di Fondazione OFM Fraternitas a trattare i dati personali dei propri sostenitori per perseguire con efficacia le proprie finalit\u00e0 statutarie (art. 6, comma 1, lettera (f), GDPR). Tale legittimo interesse consiste nel mantenere costante il rapporto instaurato con l\u2019interessato, per tenerlo informato in merito alle azioni di sensibilizzazione che si ritiene utile far conoscere per dimostrare il proprio costante impegno nella realizzazione delle proprie attivit\u00e0 non profit. Tale legittimo interesse \u00e8 ammesso, ai sensi della normativa applicabile, quale meccanismo alternativo al consenso esplicito dell\u2019interessato. Tale legittimo interesse \u00e8 acquisito dalla fondazione (e controbilanciato dal pieno rispetto dei diritti e delle libert\u00e0 fondamentali della persona, che prevalgono sempre sul legittimo interesse del titolare) nella misura in cui, tramite le proprie azioni, la persona abbia dimostrato di essere interessata ai, e condividere i, principi della Fondazione OFM Fraternitas.<\/p>\n\n\n\n<p class=\"has-medium-font-size wp-block-paragraph\">Limitatamente alle attivit\u00e0 \u2013 di natura amministrativo-contabile o altro \u2013 necessarie per eseguire il contratto di cui Lei \u00e8 parte (nello specifico, eventuali donazioni in qualsiasi forma effettuate), la base giuridica del trattamento dei Suoi dati personali per le finalit\u00e0 di cui al punto c. che precede \u00e8 la necessit\u00e0 di eseguire un contratto di cui l\u2019interessato \u00e8 parte o di misure precontrattuali adottate su richiesta dello stesso ai sensi dell\u2019art. 6, comma 1, lettera (b) GDPR o per adempiere ad obblighi di legge. La Fondazione non utilizzer\u00e0 i suoi dati personali per finalit\u00e0 diverse da quelle indicate.<\/p>\n\n\n\n<p class=\"has-medium-font-size wp-block-paragraph\">Per rispondere alle Sue domande e\/o per fornirLe quanto da Lei richiesto, il conferimento dei dati personali \u00e8 necessario: in mancanza Fondazione OFM Fraternitas non Le potr\u00e0 rispondere e\/o fornire i servizi richiesti.<\/p>\n<\/details>\n\n\n\n<details class=\"wp-block-details is-layout-flow wp-block-details-is-layout-flow\"><summary>Soggetti o categorie di soggetti destinatari dei dati personali e trasferimento dati all\u2019estero<\/summary>\n<p class=\"has-medium-font-size wp-block-paragraph\">I Suoi dati potranno essere resi accessibili, per le finalit\u00e0 elencate, a soggetti autorizzati oppure a soggetti nominati Responsabili del trattamento sempre nel rispetto del principio di finalit\u00e0. I dati personali raccolti saranno resi disponibili alle persone autorizzate da Fondazione OFM Fraternitas ai sensi dell\u2019art. 29, GDPR che svolgono attivit\u00e0 di trattamento indispensabili per il perseguimento delle finalit\u00e0 sopra indicate. Nello specifico, si tratta delle persone preposte dal Titolare all\u2019erogazione dei servizi specifici, all\u2019amministrazione, alla gestione dei servizi informativi, ai rapporti con donatori effettivi e potenziali, agli organizzatori di campagne informative sui progetti e sulle attivit\u00e0 istituzionali della fondazione. I Responsabili sono soggetti dotati di esperienza, capacit\u00e0 tecniche, professionalit\u00e0 ed affidabilit\u00e0, che svolgono operazioni di trattamento per conto nostro, nel rispetto della sicurezza e della riservatezza delle informazioni e da noi costantemente controllati nel loro operato.<\/p>\n\n\n\n<p class=\"has-medium-font-size wp-block-paragraph\">L\u2019elenco completo ed aggiornato dei Responsabili del trattamento pu\u00f2 essere richiesto all\u2019indirizzo fondazione@ofmfraternitas.org; oppure in alternativa, scrivendo a Fondazione OFM Fraternitas Onlus, con sede legale in Via di Santa Maria Mediatrice, 25 \u2013 00165 Roma.<\/p>\n\n\n\n<p class=\"has-medium-font-size wp-block-paragraph\">Sempre nel rispetto dei principi del trattamento e per le finalit\u00e0 indicate, i Suoi dati potrebbero essere messi a disposizione dei seguenti soggetti terzi, giuridicamente autonomi rispetto al Titolare, che erogano servizi strumentali al perseguimento delle summenzionate finalit\u00e0 ed operano all\u2019interno dell\u2019Unione Europea:<\/p>\n\n\n\n<ul class=\"wp-block-list\">\n<li class=\"has-medium-font-size\">soggetti esterni alla fondazione che svolgono servizi di intermediazione bancaria e finanziaria, trasporto e smistamento delle comunicazioni al pubblico, servizi di e-mailing, archiviazione della documentazione, consulenza, assicurazione, promozione e raccolta fondi, organizzazioni territoriali \u201caggregate\u201d che attuano localmente il programma della fondazione.<\/li>\n\n\n\n<li class=\"has-medium-font-size\">a soggetti individuati per i quali la comunicazione si renda necessaria per adempiere ad un obbligo previsto dalla legge, da un regolamento o dalla normativa comunitaria.<\/li>\n<\/ul>\n\n\n\n<p class=\"has-medium-font-size wp-block-paragraph\">In particolare, i dati personali del contribuente, qualora completi di Codice Fiscale, sono trasmessi all\u2019Agenzia delle Entrate ai fini della dichiarazione precompilata. Il contribuente pu\u00f2 esercitare il diritto di opposizione all\u2019invio all\u2019Agenzia dei dati relativi alle erogazioni liberali come previsto dal provvedimento del Direttore dell\u2019Agenzia delle entrate del 9 febbraio 2018.<\/p>\n\n\n\n<p class=\"has-medium-font-size wp-block-paragraph\">I Suoi dati non saranno trasferiti al di fuori dell\u2019Unione Europea.<\/p>\n<\/details>\n\n\n\n<details class=\"wp-block-details is-layout-flow wp-block-details-is-layout-flow\"><summary>Modalit\u00e0 di trattamento e conservazione dei dati<\/summary>\n<p class=\"has-medium-font-size wp-block-paragraph\">Fondazione OFM Fraternitas tratter\u00e0 i Suoi dati personali per il tempo necessario per adempiere alle finalit\u00e0 di cui sopra secondo criteri variabili in funzione della categoria del dato, della natura del trattamento e delle finalit\u00e0 del trattamento medesimo. In linea di principio, Fondazione OFM Fraternitas stabilir\u00e0 il criterio di conservazione sulla base delle seguenti valutazione:<\/p>\n\n\n\n<ul class=\"wp-block-list\">\n<li class=\"has-medium-font-size\">tutti i dati rispetto alle varie forme di donazione sono conservati fin tanto che il rapporto rimane attivo e comunque non oltre 10 anni dalla data di ciascuna manifestazione di sostegno alla fondazione (tipicamente di genere economico), oppure sino al momento in cui lei decidesse di esercitare il diritto di cessare il suo sostegno a Fondazione OFM Fraternitas e chiedere la cancellazione dei dati medesimi, salvo naturalmente che un obbligo previsto dalla legge, da un regolamento o dalla normativa comunitaria non ne imponga la conservazione (in quest\u2019ultimo caso si intende che il trattamento dei dati avverr\u00e0 solo al fine di assolvere l\u2019obbligo di legge e non pi\u00f9 per le finalit\u00e0 di cui alla presente informativa) ovvero l\u2019esercizio di un diritto (o comunque un legittimo interesse) della fondazione medesima non ne richieda la conservazione.<\/li>\n\n\n\n<li class=\"has-medium-font-size\">Tutti i dati dei donatori o interessati alla nostra attivit\u00e0 trattati per finalit\u00e0 informative\/promozionali sono conservati per il periodo temporale necessario a erogare i servizi di informazione riservati a dette persone. Tale diritto e interesse di informazione sorgono all\u2019atto dell\u2019adesione a qualsiasi iniziativa che dimostri la condivisione dei principi di Fondazione OFM Fraternitas da parte dell\u2019interessato, sia che questo comporti donazione o sia azione di interesse e di partecipazione alle attivit\u00e0 istituzionali della fondazione. Tale periodo \u00e8 giustificato dal legittimo interesse di Fondazione OFM Fraternitas a mantenere costante il rapporto instaurato con la persona per mantenerla informata su quali sono i progetti che potrebbero essere finanziati con il contributo dei donatori o sulle azioni di sensibilizzazione che si ritiene utile far conoscere per dimostrare il proprio costante impegno nella realizzazione dei propri progetti nell\u2019ambito delle proprie finalit\u00e0 istituzionali. Il periodo di conservazione \u00e8 esteso fintanto che perdura l\u2019interesse della persona a rimanere in contatto con la fondazione: se non ha pi\u00f9 interesse, \u00e8 sufficiente sia comunicarlo attraverso le modalit\u00e0 di cui al Paragrafo \u201cDiritti degli interessati\u201d e la Fondazione adotter\u00e0 le appropriate misure tecniche e organizzative per non disturbare pi\u00f9 la persona.<\/li>\n<\/ul>\n\n\n\n<p class=\"has-medium-font-size wp-block-paragraph\">Decorsi i relativi periodi di conservazione, i dati personali verranno definitivamente cancellati e non saranno pi\u00f9 trattati. I dati personali saranno conservati in forma digitale su server ubicati presso la sede di Fondazione OFM Fraternitas a Roma (Italia) e\/o su cloud server di fornitori terzi in conformit\u00e0 a quanto prescritto dal GDPR e comunque all\u2019interno dell\u2019Unione Europea.<\/p>\n\n\n\n<p class=\"wp-block-paragraph\"><\/p>\n<\/details>\n\n\n\n<details class=\"wp-block-details is-layout-flow wp-block-details-is-layout-flow\"><summary>Diritti degli interessati<\/summary>\n<p class=\"has-medium-font-size wp-block-paragraph\">In ogni momento l\u2019interessato potr\u00e0 esercitare i propri diritti, di seguito in elenco, secondo quanto previsto dal Regolamento UE 679\/2016 e dalla normativa nazionale in vigore:<\/p>\n\n\n\n<ul class=\"wp-block-list\">\n<li class=\"has-medium-font-size\">Diritto di accesso: l\u2019\u2019interessato ha il diritto di ottenere la conferma che sia o meno in corso un trattamento di dati personali che lo riguardano e in tal caso, di ottenere l\u2019accesso ai dati personali. In qualsiasi momento pu\u00f2 chiedere l\u2019accesso alle seguenti informazioni: le finalit\u00e0 del trattamento, le categorie di dati trattati, i destinatari a cui i dati personali sono o saranno comunicati, il periodo di conservazione dei dati, l\u2019esistenza dei diritti a suo favore, l\u2019origine dei dati e l\u2019eventuale esistenza di un processo automatizzato.<\/li>\n\n\n\n<li class=\"has-medium-font-size\">Diritto di rettifica: l\u2019interessato ha il diritto di ottenere dal titolare del trattamento la rettifica dei dati personali inesatti che lo riguardano senza ingiustificato ritardo. Inoltre, ha il diritto di ottenere l\u2019integrazione dei dati personali incompleti, anche fornendo una dichiarazione integrativa. In tal caso il titolare del trattamento avr\u00e0 l\u2019obbligo di informare ciascun destinatario cui sono stati trasmessi i dati personali sulle eventuali rettifiche.<\/li>\n\n\n\n<li class=\"has-medium-font-size\">Diritto di cancellazione: l\u2019interessato ha il diritto di ottenere la cancellazione dei dati personali che lo riguardano senza ingiustificato ritardo e richiedere la cancellazione. Inoltre, qualora i suoi dati sono stati resi pubblici, il titolare provveder\u00e0 a cancellarli e adotter\u00e0 misure ragionevoli, anche tecniche, per informare i titolari del trattamento che stanno trattando i dati personali della richiesta dell\u2019interessato di cancellare qualsiasi copia dei suoi dati personali. La Fondazione adotter\u00e0 tutte le opportune misure tecniche e organizzative per non disturbarla pi\u00f9.<\/li>\n\n\n\n<li class=\"has-medium-font-size\">Diritto di limitazione di trattamento: qualora l\u2019interessato lo ritenga opportuno, pu\u00f2 richiedere la limitazione del trattamento dei dati personali che lo riguardano e limitarne il trattamento in futuro. In tal caso il titolare del trattamento provveder\u00e0 a comunicare a ciascuno dei destinatari cui sono stati trasmessi i dai personali le eventuali limitazioni del trattamento, salvo che ci\u00f2 si riveli impossibile o implichi uno sforzo sproporzionato.<\/li>\n\n\n\n<li class=\"has-medium-font-size\">Diritto di opposizione al trattamento: l\u2019interessato ha il diritto di opporsi in qualsiasi momento, per motivi connessi alla sua situazione particolare, al trattamento dei dati personali che lo riguardano.<\/li>\n\n\n\n<li class=\"has-medium-font-size\">Diritto di revocare il consenso: nel caso di un trattamento basato sul consenso, l\u2019interessato potr\u00e0 revocare il consenso prestato per il trattamento. Tuttavia, tale atto non pregiudica la validit\u00e0 del trattamento effettuato dal titolare sino a quel momento.<\/li>\n\n\n\n<li class=\"has-medium-font-size\">Diritto di proporre reclamo all\u2019Autorit\u00e0 di controllo: laddove l\u2019interessato ritenga che i suoi dati siano stati trattati in modo illegittimo e violino le norme e i principi in materia di protezione dei dati personali ha il diritto di rivolgersi all\u2019Autorit\u00e0 di Controllo (Garante Privacy) per proporre reclamo, secondo le modalit\u00e0 da quest\u2019ultima definite.<\/li>\n<\/ul>\n\n\n\n<p class=\"has-medium-font-size wp-block-paragraph\">Potr\u00e0 in qualsiasi momento esercitare i diritti a Lei riconosciuti, inviando:<\/p>\n\n\n\n<ul class=\"wp-block-list\">\n<li class=\"has-medium-font-size\">una e-mail all\u2019indirizzo&nbsp;<a href=\"mailto:fondazione@ofmfraternitas.org;\">fondazione@ofmfraternitas.org;<\/a><\/li>\n<\/ul>\n\n\n\n<p class=\"has-medium-font-size wp-block-paragraph\">oppure una raccomandata A.R. a Fondazione OFM Fraternitas Onlus, con sede legale in Via di Santa Maria Mediatrice, 25 \u2013 00165 Roma.<\/p>\n<\/details>\n\n\n\n<div style=\"height:var(--wp--preset--spacing--30)\" aria-hidden=\"true\" class=\"wp-block-spacer\"><\/div>\n<\/div>\n","protected":false},"excerpt":{"rendered":"<p>Informativa per il trattamento dei dati personali &lt; Indietro<\/p>\n","protected":false},"author":1,"featured_media":0,"parent":0,"menu_order":0,"comment_status":"closed","ping_status":"closed","template":"","meta":{"give_campaign_id":0,"inline_featured_image":false,"footnotes":""},"class_list":["post-762","page","type-page","status-publish","hentry"],"yoast_head":"<!-- This site is optimized with the Yoast SEO plugin v28.4 - https:\/\/yoast.com\/product\/yoast-seo-wordpress\/ -->\n<title>PRIVACY POLICY - OFM Fraternitas - Dona ora<\/title>\n<meta name=\"robots\" content=\"noindex, follow\" \/>\n<meta property=\"og:locale\" content=\"it_IT\" \/>\n<meta property=\"og:type\" content=\"article\" \/>\n<meta property=\"og:title\" content=\"PRIVACY POLICY - OFM Fraternitas - Dona ora\" \/>\n<meta property=\"og:description\" content=\"Informativa per il trattamento dei dati personali &lt; Indietro\" \/>\n<meta property=\"og:url\" content=\"https:\/\/dona.ofmfraternitas.org\/ita\/privacy-policy\/\" \/>\n<meta property=\"og:site_name\" content=\"OFM Fraternitas - Dona ora\" \/>\n<meta property=\"article:modified_time\" content=\"2025-11-05T13:51:22+00:00\" \/>\n<meta name=\"twitter:card\" content=\"summary_large_image\" \/>\n<meta name=\"twitter:label1\" content=\"Tempo di lettura stimato\" \/>\n\t<meta name=\"twitter:data1\" content=\"11 minuti\" \/>\n<script type=\"application\/ld+json\" class=\"yoast-schema-graph\">{\"@context\":\"https:\\\/\\\/schema.org\",\"@graph\":[{\"@type\":\"WebPage\",\"@id\":\"https:\\\/\\\/dona.ofmfraternitas.org\\\/ita\\\/privacy-policy\\\/\",\"url\":\"https:\\\/\\\/dona.ofmfraternitas.org\\\/ita\\\/privacy-policy\\\/\",\"name\":\"PRIVACY POLICY - OFM Fraternitas - Dona ora\",\"isPartOf\":{\"@id\":\"https:\\\/\\\/dona.ofmfraternitas.org\\\/ita\\\/#website\"},\"datePublished\":\"2024-10-21T13:23:52+00:00\",\"dateModified\":\"2025-11-05T13:51:22+00:00\",\"breadcrumb\":{\"@id\":\"https:\\\/\\\/dona.ofmfraternitas.org\\\/ita\\\/privacy-policy\\\/#breadcrumb\"},\"inLanguage\":\"it-IT\",\"potentialAction\":[{\"@type\":\"ReadAction\",\"target\":[\"https:\\\/\\\/dona.ofmfraternitas.org\\\/ita\\\/privacy-policy\\\/\"]}]},{\"@type\":\"BreadcrumbList\",\"@id\":\"https:\\\/\\\/dona.ofmfraternitas.org\\\/ita\\\/privacy-policy\\\/#breadcrumb\",\"itemListElement\":[{\"@type\":\"ListItem\",\"position\":1,\"name\":\"Home\",\"item\":\"https:\\\/\\\/dona.ofmfraternitas.org\\\/ita\\\/\"},{\"@type\":\"ListItem\",\"position\":2,\"name\":\"PRIVACY POLICY\"}]},{\"@type\":\"WebSite\",\"@id\":\"https:\\\/\\\/dona.ofmfraternitas.org\\\/ita\\\/#website\",\"url\":\"https:\\\/\\\/dona.ofmfraternitas.org\\\/ita\\\/\",\"name\":\"OFM Fraternitas - Dona ora\",\"description\":\"Sostieni le opere dei frati minori\",\"publisher\":{\"@id\":\"https:\\\/\\\/dona.ofmfraternitas.org\\\/ita\\\/#organization\"},\"potentialAction\":[{\"@type\":\"SearchAction\",\"target\":{\"@type\":\"EntryPoint\",\"urlTemplate\":\"https:\\\/\\\/dona.ofmfraternitas.org\\\/ita\\\/?s={search_term_string}\"},\"query-input\":{\"@type\":\"PropertyValueSpecification\",\"valueRequired\":true,\"valueName\":\"search_term_string\"}}],\"inLanguage\":\"it-IT\"},{\"@type\":\"Organization\",\"@id\":\"https:\\\/\\\/dona.ofmfraternitas.org\\\/ita\\\/#organization\",\"name\":\"Fondazione OFM Fraternitas ETS\",\"alternateName\":\"Fondazione OFM Fraternitas\",\"url\":\"https:\\\/\\\/dona.ofmfraternitas.org\\\/ita\\\/\",\"logo\":{\"@type\":\"ImageObject\",\"inLanguage\":\"it-IT\",\"@id\":\"https:\\\/\\\/dona.ofmfraternitas.org\\\/ita\\\/#\\\/schema\\\/logo\\\/image\\\/\",\"url\":\"https:\\\/\\\/dona.ofmfraternitas.org\\\/ita\\\/wp-content\\\/uploads\\\/sites\\\/2\\\/2024\\\/12\\\/Header-modulo-donazione-TY.jpg\",\"contentUrl\":\"https:\\\/\\\/dona.ofmfraternitas.org\\\/ita\\\/wp-content\\\/uploads\\\/sites\\\/2\\\/2024\\\/12\\\/Header-modulo-donazione-TY.jpg\",\"width\":640,\"height\":400,\"caption\":\"Fondazione OFM Fraternitas ETS\"},\"image\":{\"@id\":\"https:\\\/\\\/dona.ofmfraternitas.org\\\/ita\\\/#\\\/schema\\\/logo\\\/image\\\/\"}}]}<\/script>\n<!-- \/ Yoast SEO plugin. -->","yoast_head_json":{"title":"PRIVACY POLICY - OFM Fraternitas - Dona ora","robots":{"index":"noindex","follow":"follow"},"og_locale":"it_IT","og_type":"article","og_title":"PRIVACY POLICY - OFM Fraternitas - Dona ora","og_description":"Informativa per il trattamento dei dati personali &lt; Indietro","og_url":"https:\/\/dona.ofmfraternitas.org\/ita\/privacy-policy\/","og_site_name":"OFM Fraternitas - Dona ora","article_modified_time":"2025-11-05T13:51:22+00:00","twitter_card":"summary_large_image","twitter_misc":{"Tempo di lettura stimato":"11 minuti"},"schema":{"@context":"https:\/\/schema.org","@graph":[{"@type":"WebPage","@id":"https:\/\/dona.ofmfraternitas.org\/ita\/privacy-policy\/","url":"https:\/\/dona.ofmfraternitas.org\/ita\/privacy-policy\/","name":"PRIVACY POLICY - OFM Fraternitas - Dona ora","isPartOf":{"@id":"https:\/\/dona.ofmfraternitas.org\/ita\/#website"},"datePublished":"2024-10-21T13:23:52+00:00","dateModified":"2025-11-05T13:51:22+00:00","breadcrumb":{"@id":"https:\/\/dona.ofmfraternitas.org\/ita\/privacy-policy\/#breadcrumb"},"inLanguage":"it-IT","potentialAction":[{"@type":"ReadAction","target":["https:\/\/dona.ofmfraternitas.org\/ita\/privacy-policy\/"]}]},{"@type":"BreadcrumbList","@id":"https:\/\/dona.ofmfraternitas.org\/ita\/privacy-policy\/#breadcrumb","itemListElement":[{"@type":"ListItem","position":1,"name":"Home","item":"https:\/\/dona.ofmfraternitas.org\/ita\/"},{"@type":"ListItem","position":2,"name":"PRIVACY POLICY"}]},{"@type":"WebSite","@id":"https:\/\/dona.ofmfraternitas.org\/ita\/#website","url":"https:\/\/dona.ofmfraternitas.org\/ita\/","name":"OFM Fraternitas - Dona ora","description":"Sostieni le opere dei frati minori","publisher":{"@id":"https:\/\/dona.ofmfraternitas.org\/ita\/#organization"},"potentialAction":[{"@type":"SearchAction","target":{"@type":"EntryPoint","urlTemplate":"https:\/\/dona.ofmfraternitas.org\/ita\/?s={search_term_string}"},"query-input":{"@type":"PropertyValueSpecification","valueRequired":true,"valueName":"search_term_string"}}],"inLanguage":"it-IT"},{"@type":"Organization","@id":"https:\/\/dona.ofmfraternitas.org\/ita\/#organization","name":"Fondazione OFM Fraternitas ETS","alternateName":"Fondazione OFM Fraternitas","url":"https:\/\/dona.ofmfraternitas.org\/ita\/","logo":{"@type":"ImageObject","inLanguage":"it-IT","@id":"https:\/\/dona.ofmfraternitas.org\/ita\/#\/schema\/logo\/image\/","url":"https:\/\/dona.ofmfraternitas.org\/ita\/wp-content\/uploads\/sites\/2\/2024\/12\/Header-modulo-donazione-TY.jpg","contentUrl":"https:\/\/dona.ofmfraternitas.org\/ita\/wp-content\/uploads\/sites\/2\/2024\/12\/Header-modulo-donazione-TY.jpg","width":640,"height":400,"caption":"Fondazione OFM Fraternitas ETS"},"image":{"@id":"https:\/\/dona.ofmfraternitas.org\/ita\/#\/schema\/logo\/image\/"}}]}},"campaignId":"","_links":{"self":[{"href":"https:\/\/dona.ofmfraternitas.org\/ita\/wp-json\/wp\/v2\/pages\/762","targetHints":{"allow":["GET"]}}],"collection":[{"href":"https:\/\/dona.ofmfraternitas.org\/ita\/wp-json\/wp\/v2\/pages"}],"about":[{"href":"https:\/\/dona.ofmfraternitas.org\/ita\/wp-json\/wp\/v2\/types\/page"}],"author":[{"embeddable":true,"href":"https:\/\/dona.ofmfraternitas.org\/ita\/wp-json\/wp\/v2\/users\/1"}],"replies":[{"embeddable":true,"href":"https:\/\/dona.ofmfraternitas.org\/ita\/wp-json\/wp\/v2\/comments?post=762"}],"version-history":[{"count":16,"href":"https:\/\/dona.ofmfraternitas.org\/ita\/wp-json\/wp\/v2\/pages\/762\/revisions"}],"predecessor-version":[{"id":2804,"href":"https:\/\/dona.ofmfraternitas.org\/ita\/wp-json\/wp\/v2\/pages\/762\/revisions\/2804"}],"wp:attachment":[{"href":"https:\/\/dona.ofmfraternitas.org\/ita\/wp-json\/wp\/v2\/media?parent=762"}],"curies":[{"name":"wp","href":"https:\/\/api.w.org\/{rel}","templated":true}]}}